{"id":1777,"date":"2018-04-17T13:57:34","date_gmt":"2018-04-17T11:57:34","guid":{"rendered":"https:\/\/tuzlanskaamica.com\/?page_id=1777"},"modified":"2025-10-10T10:52:10","modified_gmt":"2025-10-10T08:52:10","slug":"o-nama","status":"publish","type":"page","link":"https:\/\/tuzlanskaamica.ba\/it\/o-nama\/","title":{"rendered":"Chi siamo"},"content":{"rendered":"<div data-elementor-type=\"wp-page\" data-elementor-id=\"1777\" class=\"elementor elementor-1777\" data-elementor-post-type=\"page\">\n\t\t\t\t<div class=\"elementor-element elementor-element-f3ae27e e-flex e-con-boxed e-con e-parent\" data-id=\"f3ae27e\" data-element_type=\"container\">\n\t\t\t\t\t<div class=\"e-con-inner\">\n\t\t<div class=\"elementor-element elementor-element-c6b963e e-con-full e-flex e-con e-child\" data-id=\"c6b963e\" data-element_type=\"container\">\n\t\t<div class=\"elementor-element elementor-element-10b2d18 e-grid e-con-full e-con e-child\" data-id=\"10b2d18\" data-element_type=\"container\">\n\t\t\t\t<div class=\"elementor-element elementor-element-43fd8da elementor-widget elementor-widget-image\" data-id=\"43fd8da\" data-element_type=\"widget\" data-widget_type=\"image.default\">\n\t\t\t\t\t\t\t\t\t\t\t\t\t\t\t<img fetchpriority=\"high\" decoding=\"async\" width=\"768\" height=\"576\" src=\"https:\/\/tuzlanskaamica.ba\/wp-content\/uploads\/2018\/04\/slide-1-768x576.jpg\" class=\"attachment-medium_large size-medium_large wp-image-1496\" alt=\"\" srcset=\"https:\/\/tuzlanskaamica.ba\/wp-content\/uploads\/2018\/04\/slide-1-768x576.jpg 768w, https:\/\/tuzlanskaamica.ba\/wp-content\/uploads\/2018\/04\/slide-1-300x225.jpg 300w, https:\/\/tuzlanskaamica.ba\/wp-content\/uploads\/2018\/04\/slide-1-1024x768.jpg 1024w, https:\/\/tuzlanskaamica.ba\/wp-content\/uploads\/2018\/04\/slide-1.jpg 1920w\" sizes=\"(max-width: 768px) 100vw, 768px\" \/>\t\t\t\t\t\t\t\t\t\t\t\t\t\t\t<\/div>\n\t\t<div class=\"elementor-element elementor-element-a377d11 e-con-full e-flex e-con e-child\" data-id=\"a377d11\" data-element_type=\"container\">\n\t\t\t\t<div class=\"elementor-element elementor-element-4d7a89f elementor-widget elementor-widget-heading\" data-id=\"4d7a89f\" data-element_type=\"widget\" data-widget_type=\"heading.default\">\n\t\t\t\t\t<h2 class=\"elementor-heading-title elementor-size-default\">CENTRO DI AIUTO PER BAMBINI E FAMIGLIE &quot;PRIJATELJSTVO&quot; - TUZLA AMICA<\/h2>\t\t\t\t<\/div>\n\t\t\t\t<div class=\"elementor-element elementor-element-07fafa9 elementor-widget elementor-widget-text-editor\" data-id=\"07fafa9\" data-element_type=\"widget\" data-widget_type=\"text-editor.default\">\n\t\t\t\t\t\t\t\t\t<div class=\"wpb_text_column wpb_content_element\"><div class=\"wpb_wrapper\"><p>Tuzla Amica \u00e8 un&#039;organizzazione non governativa e senza scopo di lucro, che ha iniziato la sua attivit\u00e0 nel 1992, \u00e8 stata ufficialmente registrata nel 1996 nell&#039;area del Cantone di Tuzla e dal 2004 \u00e8 registrata presso il Ministero della Giustizia della Bosnia ed Erzegovina. secondo le leggi vigenti, con attivit\u00e0 che pu\u00f2 svolgere nell&#039;area di interi Stati. Gli organi direttivi sono l&#039;Assemblea dell&#039;associazione e il Consiglio Direttivo.<\/p><p>La creazione di Tuzlanska Amica \u00e8 legata a un gruppo di volontari che, nell&#039;inferno della guerra, non volevano solo osservare la sofferenza delle persone e la distruzione che stava accadendo, ma anche fare qualcosa che riducesse almeno leggermente l&#039;insopportabile sofferenze a cui furono esposti i residenti. Le prime attivit\u00e0 erano finalizzate ad aiutare le donne e le ragazze che avevano subito abusi in vari modi durante la detenzione nei campi di concentramento.<\/p><\/div><\/div>\t\t\t\t\t\t\t\t<\/div>\n\t\t\t\t<\/div>\n\t\t\t\t<\/div>\n\t\t\t\t<div class=\"elementor-element elementor-element-8b1e1f3 elementor-widget elementor-widget-text-editor\" data-id=\"8b1e1f3\" data-element_type=\"widget\" data-widget_type=\"text-editor.default\">\n\t\t\t\t\t\t\t\t\t<div class=\"wpb_text_column wpb_content_element\"><div class=\"wpb_wrapper\"><p>Le attivit\u00e0 di Tuzla Amica sono cambiate nel corso degli anni, ma sono sempre state rivolte alle fasce pi\u00f9 vulnerabili della popolazione.<\/p><p>Gi\u00e0 all\u2019inizio del nostro lavoro, riconoscevamo che la maggior parte delle organizzazioni e istituzioni erano situate nelle citt\u00e0, mentre l\u2019assistenza nelle zone rurali era minima o inesistente. Inoltre, abbiamo notato che i traumi e i problemi affrontati dagli abitanti della BiH, soprattutto dagli esiliati, sono molteplici e diversi. Ecco perch\u00e9 abbiamo implementato e stiamo implementando la maggior parte delle nostre attivit\u00e0 attraverso team mobili e multidisciplinari.<\/p><p>Il nostro lavoro prioritario \u00e8 sul campo, principalmente nell\u2019area della Bosnia nord-orientale, Cantone di Tuzla, Distretto di Br\u010dko, ma anche oltre, compresi i villaggi pi\u00f9 remoti.<\/p><p>Abbiamo iniziato con il sostegno alle donne, attraverso un approccio multidisciplinare che comprende un centro di documentazione e assistenza medica, attraverso varie forme di assistenza ai bambini e alle famiglie, il tutto in conformit\u00e0 con la nostra missione di creare un futuro migliore.<\/p><p>Il primo ed importantissimo sostegno alla nostra attivit\u00e0 lo abbiamo ricevuto nel 1994, anni della guerra, dalle donne di Spazio pubblico di done, di Bologna, con le quali ancora oggi abbiamo un buon rapporto.<\/p><p>Dato che la famiglia ha sofferto di pi\u00f9 durante la guerra in Bosnia-Erzegovina, perdendo tutte o la maggior parte delle sue funzioni (protettive, economiche, sociali, religiose, morali), abbiamo sempre dato alla famiglia nel suo insieme e all&#039;unit\u00e0 fondamentale della societ\u00e0 un posto centrale nel nostro lavoro.<\/p><p>Sebbene abbiamo realizzato un gran numero di progetti diversi, con un orientamento prioritario al rispetto dei diritti umani e alla riduzione della sofferenza, possiamo classificarli in tre gruppi principali<\/p><ul><li>Supporto psicosociale attraverso un approccio multidisciplinare;<\/li><li>Aiuto ai bambini, soprattutto bambini rimasti senza genitori dalla guerra fino ad oggi, ma anche ad altri bambini provenienti da gruppi socialmente emarginati \/I bambini hanno bisogno di una famiglia \/adozione a distanza, aiuto ai bambini malati \/Cosmohelp\/. Sostegno ai bambini e ai giovani della Casa per bambini senza cure genitoriali, Insegnante come terapista UNICEF\/<\/li><li>Promozione del dialogo e risoluzione non violenta dei conflitti, processo di riconciliazione \/ Adotta Srebrenica \/ Langer, La democrazia non pu\u00f2 essere costruita con le mani di anime spezzate con Yael Danieli<\/li><\/ul><p>Abbiamo presentato le nostre esperienze e i risultati delle nostre ricerche in numerose conferenze, seminari e apparizioni pubbliche importanti.<\/p><\/div><\/div>\t\t\t\t\t\t\t\t<\/div>\n\t\t\t\t<\/div>\n\t\t<div class=\"elementor-element elementor-element-06fbbf4 e-con-full e-flex e-con e-child\" data-id=\"06fbbf4\" data-element_type=\"container\">\n\t\t<div class=\"elementor-element elementor-element-66c125a e-con-full e-flex e-con e-child\" data-id=\"66c125a\" data-element_type=\"container\">\n\t\t\t\t<div class=\"elementor-element elementor-element-33494e5 elementor-widget elementor-widget-text-editor\" data-id=\"33494e5\" data-element_type=\"widget\" data-widget_type=\"text-editor.default\">\n\t\t\t\t\t\t\t\t\t<div class=\"wpb_text_column wpb_content_element\"><div class=\"wpb_wrapper\"><div class=\"wpb_text_column wpb_content_element\"><div class=\"wpb_wrapper\"><p>Sette anni fa, grazie al sostegno del Comune di Tuzla, abbiamo ottenuto uno spazio di qualit\u00e0 che abbiamo ristrutturato, grazie all&#039;ente governativo tedesco GTZ e al Cral telecom Emilia Romagna, consentendo cos\u00ec la prosecuzione dei lavori e dell&#039;asilo pubblico, nell&#039;altro parte dell&#039;edificio in cui ci troviamo. La parte di Tuzla dove si trova la sede centrale di Tuzlanska Amica \u00e8 una zona suburbana e industriale, completamente trascurata durante e dopo la guerra. Attraverso il nostro coinvolgimento e grazie al sostegno di enti con i quali collaboriamo da anni, abbiamo cambiato completamente l&#039;aspetto di questa parte della citt\u00e0, realizzando anche il primo e moderno campo sportivo e la Casa delle Famiglie per la cura dei giovani che dopo i 18 anni devono lasciare la Casa per accogliere figli privi delle cure genitoriali. Possediamo anche una casa a Br\u010dko, destinata ai bambini e ai giovani.<\/p><p>Siamo orgogliosi che diverse organizzazioni all\u2019estero, soprattutto in Italia, siano nate dopo aver conosciuto il nostro lavoro e l\u2019approccio che usiamo per sostenere chi ne ha pi\u00f9 bisogno.<\/p><\/div><\/div><\/div><\/div>\t\t\t\t\t\t\t\t<\/div>\n\t\t\t\t<\/div>\n\t\t<div class=\"elementor-element elementor-element-b5a2899 e-con-full e-flex e-con e-child\" data-id=\"b5a2899\" data-element_type=\"container\">\n\t\t\t\t<div class=\"elementor-element elementor-element-584d43f elementor-widget elementor-widget-image\" data-id=\"584d43f\" data-element_type=\"widget\" data-widget_type=\"image.default\">\n\t\t\t\t\t\t\t\t\t\t\t\t\t\t\t<img decoding=\"async\" width=\"768\" height=\"576\" src=\"https:\/\/tuzlanskaamica.ba\/wp-content\/uploads\/2018\/04\/slide-4-1-768x576.jpg\" class=\"attachment-medium_large size-medium_large wp-image-1786\" alt=\"\" srcset=\"https:\/\/tuzlanskaamica.ba\/wp-content\/uploads\/2018\/04\/slide-4-1-768x576.jpg 768w, https:\/\/tuzlanskaamica.ba\/wp-content\/uploads\/2018\/04\/slide-4-1-1024x768.jpg 1024w, https:\/\/tuzlanskaamica.ba\/wp-content\/uploads\/2018\/04\/slide-4-1.jpg 1920w\" sizes=\"(max-width: 768px) 100vw, 768px\" \/>\t\t\t\t\t\t\t\t\t\t\t\t\t\t\t<\/div>\n\t\t\t\t<\/div>\n\t\t\t\t<\/div>\n\t\t\t\t<div class=\"elementor-element elementor-element-0b5e6eb elementor-widget elementor-widget-text-editor\" data-id=\"0b5e6eb\" data-element_type=\"widget\" data-widget_type=\"text-editor.default\">\n\t\t\t\t\t\t\t\t\t<div class=\"wpb_text_column wpb_content_element\"><div class=\"wpb_wrapper\"><div class=\"wpb_text_column wpb_content_element\"><div class=\"wpb_wrapper\"><p>Siamo anche orgogliosi che, nonostante una lotta lunga e tenace, siamo riusciti a convincere le autorit\u00e0 locali a riconoscere le nostre attivit\u00e0 e a farsi carico del finanziamento di alcuni dei nostri progetti, come la Halfway House \/ la prima del suo genere in questa parte del La Bosnia ed Erzegovina e la Casa della Giovent\u00f9&quot; nel distretto di Br\u010dko, destinata ad attivit\u00e0 creative ed educative per giovani e bambini. Inoltre, da pi\u00f9 di dieci anni esiste una Casa Papagallo unica, destinata ai giovani che lasciano la Casa dei Bambini senza cure genitoriali dopo aver raggiunto la maggiore et\u00e0.<\/p><p>Durante il nostro lavoro, abbiamo stabilito una stretta collaborazione con tutti i Centri per il lavoro sociale nell&#039;area pi\u00f9 ampia, collaboriamo con un gran numero di organizzazioni non governative e governative, con il governo del Cantone di Tuzla e con la citt\u00e0 di Tuzla.<\/p><\/div><\/div><\/div><\/div>\t\t\t\t\t\t\t\t<\/div>\n\t\t\t\t\t<\/div>\n\t\t\t\t<\/div>\n\t\t<div class=\"elementor-element elementor-element-b0bea66 e-flex e-con-boxed e-con e-parent\" data-id=\"b0bea66\" data-element_type=\"container\" data-settings=\"{&quot;background_background&quot;:&quot;classic&quot;}\">\n\t\t\t\t\t<div class=\"e-con-inner\">\n\t\t<div class=\"elementor-element elementor-element-6729c9f e-con-full e-flex e-con e-child\" data-id=\"6729c9f\" data-element_type=\"container\">\n\t\t\t\t<div class=\"elementor-element elementor-element-6e52e01 elementor-widget elementor-widget-heading\" data-id=\"6e52e01\" data-element_type=\"widget\" data-widget_type=\"heading.default\">\n\t\t\t\t\t<h2 class=\"elementor-heading-title elementor-size-default\">Casa familiare\/casa di accoglienza<\/h2>\t\t\t\t<\/div>\n\t\t\t\t<div class=\"elementor-element elementor-element-6c95b2e elementor-widget elementor-widget-image\" data-id=\"6c95b2e\" data-element_type=\"widget\" data-widget_type=\"image.default\">\n\t\t\t\t\t\t\t\t\t\t\t\t\t\t\t<img decoding=\"async\" width=\"768\" height=\"576\" src=\"https:\/\/tuzlanskaamica.ba\/wp-content\/uploads\/2018\/04\/Slide-2-768x576.jpg\" class=\"attachment-medium_large size-medium_large wp-image-1787\" alt=\"\" srcset=\"https:\/\/tuzlanskaamica.ba\/wp-content\/uploads\/2018\/04\/Slide-2-768x576.jpg 768w, https:\/\/tuzlanskaamica.ba\/wp-content\/uploads\/2018\/04\/Slide-2-1024x768.jpg 1024w, https:\/\/tuzlanskaamica.ba\/wp-content\/uploads\/2018\/04\/Slide-2.jpg 1920w\" sizes=\"(max-width: 768px) 100vw, 768px\" \/>\t\t\t\t\t\t\t\t\t\t\t\t\t\t\t<\/div>\n\t\t\t\t<div class=\"elementor-element elementor-element-6414a8f elementor-widget elementor-widget-text-editor\" data-id=\"6414a8f\" data-element_type=\"widget\" data-widget_type=\"text-editor.default\">\n\t\t\t\t\t\t\t\t\t<div class=\"wpb_text_column wpb_content_element\"><div class=\"wpb_wrapper\"><div class=\"wpb_text_column wpb_content_element\"><div class=\"wpb_wrapper\">Dopo aver lasciato la Casa, i bambini continuano a vivere nella nostra struttura. La Casa \u00e8 attiva da 12 anni e finora vi hanno soggiornato 60 giovani, per una media di 2 anni. Tuzla Amica si occupa della loro socializzazione, istruzione e altre questioni, in collaborazione con i Centri di Assistenza Sociale competenti. Negli ultimi due anni, il Governo del Cantone di Tuzla ha finanziato parzialmente i costi della Casa e l&#039;impegno del personale di Tuzla Amica \u00e8 stato volontario fin dall&#039;inizio delle attivit\u00e0 della Casa.<\/div><\/div><\/div><\/div>\t\t\t\t\t\t\t\t<\/div>\n\t\t\t\t<\/div>\n\t\t<div class=\"elementor-element elementor-element-c8270b6 e-con-full e-flex e-con e-child\" data-id=\"c8270b6\" data-element_type=\"container\">\n\t\t\t\t<div class=\"elementor-element elementor-element-e6760bb elementor-widget elementor-widget-heading\" data-id=\"e6760bb\" data-element_type=\"widget\" data-widget_type=\"heading.default\">\n\t\t\t\t\t<h2 class=\"elementor-heading-title elementor-size-default\">Casa della Giovent\u00f9 &quot;Prijateljstvo&quot; Br\u010dko<\/h2>\t\t\t\t<\/div>\n\t\t\t\t<div class=\"elementor-element elementor-element-8601ac0 elementor-widget elementor-widget-image\" data-id=\"8601ac0\" data-element_type=\"widget\" data-widget_type=\"image.default\">\n\t\t\t\t\t\t\t\t\t\t\t\t\t\t\t<img loading=\"lazy\" decoding=\"async\" width=\"768\" height=\"576\" src=\"https:\/\/tuzlanskaamica.ba\/wp-content\/uploads\/2018\/04\/slide-3-1-768x576.jpg\" class=\"attachment-medium_large size-medium_large wp-image-1788\" alt=\"\" srcset=\"https:\/\/tuzlanskaamica.ba\/wp-content\/uploads\/2018\/04\/slide-3-1-768x576.jpg 768w, https:\/\/tuzlanskaamica.ba\/wp-content\/uploads\/2018\/04\/slide-3-1-1024x768.jpg 1024w, https:\/\/tuzlanskaamica.ba\/wp-content\/uploads\/2018\/04\/slide-3-1.jpg 1920w\" sizes=\"(max-width: 768px) 100vw, 768px\" \/>\t\t\t\t\t\t\t\t\t\t\t\t\t\t\t<\/div>\n\t\t\t\t<div class=\"elementor-element elementor-element-57ce2b2 elementor-widget elementor-widget-text-editor\" data-id=\"57ce2b2\" data-element_type=\"widget\" data-widget_type=\"text-editor.default\">\n\t\t\t\t\t\t\t\t\t<div class=\"wpb_text_column wpb_content_element\"><div class=\"wpb_wrapper\"><div class=\"wpb_text_column wpb_content_element\"><div class=\"wpb_wrapper\">Organizziamo ogni giorno attivit\u00e0 educative e creative per bambini in et\u00e0 scolare, mentre per i bambini in et\u00e0 prescolare organizziamo sale giochi per bambini provenienti da gruppi socialmente emarginati, della durata di quattro ore al giorno. Partecipiamo attivamente a tutte le campagne del Distretto e celebriamo tutte le date importanti. Le attivit\u00e0 della Casa dell&#039;Amicizia sono in parte finanziate dal governo del Distretto di Br\u010dko.<\/div><\/div><\/div><\/div>\t\t\t\t\t\t\t\t<\/div>\n\t\t\t\t<\/div>\n\t\t\t\t\t<\/div>\n\t\t\t\t<\/div>\n\t\t\t\t<\/div>","protected":false},"excerpt":{"rendered":"<p>CENTRO PER L\u2019AIUTO DEI BAMBINI E DELLE FAMIGLIE \u201cPRIJATELJSTVO\u201d \u2013 TUZLANSKA AMICA Tuzlanska Amica \u00e8 un\u2019organizzazione non governativa senza scopo di lucro che ha iniziato a operare nel 1992, \u00e8 stata registrata ufficialmente nel 1996 nel Cantone di Tuzla e dal 2004 \u00e8 registrata presso il Ministero della Giustizia della Bosnia ed Erzegovina secondo le leggi vigenti, con attivit\u00e0 che pu\u00f2 svolgere in tutto il Paese. [\u2026]<\/p>","protected":false},"author":1,"featured_media":0,"parent":0,"menu_order":0,"comment_status":"closed","ping_status":"closed","template":"","meta":{"footnotes":""},"class_list":["post-1777","page","type-page","status-publish","hentry"],"_links":{"self":[{"href":"https:\/\/tuzlanskaamica.ba\/it\/wp-json\/wp\/v2\/pages\/1777","targetHints":{"allow":["GET"]}}],"collection":[{"href":"https:\/\/tuzlanskaamica.ba\/it\/wp-json\/wp\/v2\/pages"}],"about":[{"href":"https:\/\/tuzlanskaamica.ba\/it\/wp-json\/wp\/v2\/types\/page"}],"author":[{"embeddable":true,"href":"https:\/\/tuzlanskaamica.ba\/it\/wp-json\/wp\/v2\/users\/1"}],"replies":[{"embeddable":true,"href":"https:\/\/tuzlanskaamica.ba\/it\/wp-json\/wp\/v2\/comments?post=1777"}],"version-history":[{"count":36,"href":"https:\/\/tuzlanskaamica.ba\/it\/wp-json\/wp\/v2\/pages\/1777\/revisions"}],"predecessor-version":[{"id":2160,"href":"https:\/\/tuzlanskaamica.ba\/it\/wp-json\/wp\/v2\/pages\/1777\/revisions\/2160"}],"wp:attachment":[{"href":"https:\/\/tuzlanskaamica.ba\/it\/wp-json\/wp\/v2\/media?parent=1777"}],"curies":[{"name":"parola chiave","href":"https:\/\/api.w.org\/{rel}","templated":true}]}}